{"id":4863,"date":"2023-06-18T18:36:25","date_gmt":"2023-06-18T18:36:25","guid":{"rendered":"https:\/\/ultra-net-work.com\/furstenberg\/la-mythologie\/"},"modified":"2025-03-01T14:07:11","modified_gmt":"2025-03-01T14:07:11","slug":"mythology-series","status":"publish","type":"page","link":"https:\/\/www.galerie-furstenberg.fr\/en\/dali\/mythology-series\/","title":{"rendered":"MYTHOLOGY"},"content":{"rendered":"<div class=\"wpb-content-wrapper\"><p>[vc_row row_content_width=&#8221;grid&#8221; css=&#8221;.vc_custom_1572271648370{padding-top: 147px !important;padding-bottom: 8px !important;}&#8221;][vc_column offset=&#8221;vc_col-lg-offset-1 vc_col-lg-10 vc_col-md-offset-0 vc_col-md-12 vc_col-sm-offset-0 vc_col-xs-12&#8243;]<div class=\"eltdf-section-title-holder   eltdf-st-decorative-line\" style=\"text-align: center\">\n\t<div class=\"eltdf-st-inner\">\n                    <span class=\"eltdf-st-caption\" style=\"color: #c9ab81;margin: 0 0 6px 0;font-size: 30px\">\n                <span class=\"eltdf-st-caption-inner\" >Salvador Dali<\/span>\n            <\/span>\n        \t\t\t\t\t<h2 class=\"eltdf-st-title\" >\n    <span class=\"eltdf-st-title-inner\"><span class=\"eltdf-st-side-line-left\" style=\"background-color: #ffffff;opacity: 1\"><\/span>MYTHOLOGY<span class=\"eltdf-st-side-line-right\" style=\"background-color: #ffffff;opacity: 1\"><\/span><\/span>\n\t\t\t<\/h2>\n\t\t\t\t\t\t\t<p class=\"eltdf-st-text\" style=\"color: #ffffff;font-size: 19px;line-height: 28px;margin: 13px 0 0 0\">\n\t\t\t\t* * *\t\t\t<\/p>\n\t\t\t\t\t<\/div>\n<\/div>[vc_empty_space height=&#8221;100px&#8221;][vc_column_text]<\/p>\n<div style=\"text-align: justify;\">\n<p>First great collaboration between the couple Pierre &amp; Genevi\u00e8ve ARGILLET with the Artist, Salvador DALI will take 4 years to engrave the 16 coppers making up this series, by bringing all the care in the details of each subject. Starting from the symbolism attached to Greek Mythology using its technique based on the \u201c Objective Random&#8221;, he will start to work each subject with simple spots or projections in motion that he will then specify to lead, after a long work of engraving, to quite detailed subjects. This process is particularly noticeable on \u00abOedipus and the Sphinx\u00bb, \u00abTheseus and the Minotaur\u00bb, \u00abJupiter\u00bb, \u00abPegasus\u00bb and \u00abThe Milky Way\u00bb.<\/p>\n<p>Dal\u00ed also experimented in this series different tools very unconventional such as nails, scissors and points of all kinds to obtain the rendering he wanted, as on \u00abThe Birth of Venus\u00bb for example. For \u00abMedusa\u00bb on the other hand, it is by plunging a real octopus into the acid that he managed to restore the tentacles on the copper plate.<\/p>\n<div style=\"text-align: justify;\">\n<p style=\"text-align: center;\"><a class=\"mail-link\" href=\"mailto: &#x69;&#x6e;&#x66;&#111;&#64;&#103;al&#x65;&#x72;&#x69;&#x65;&#45;&#102;ur&#x73;&#x74;&#x65;&#x6e;&#98;&#101;rg&#x2e;&#x66;&#x72;\" data-enc-email=\"shefgrao[at]pyho.se\" data-wpel-link=\"ignore\">Prices and availability of these etchings : email us<\/a><\/p>\n<\/div>\n<\/div>\n<p>[\/vc_column_text][\/vc_column][\/vc_row][vc_row][vc_column][vc_empty_space height=&#8221;100px&#8221;]<div class=\"eltdf-portfolio-list-holder eltdf-grid-list eltdf-pl-gallery eltdf-two-columns eltdf-small-space eltdf-disable-bottom-space eltdf-pl-gallery-overlay    eltdf-pl-pag-no-pagination     \"  data-type=gallery data-number-of-columns=two data-space-between-items=small data-number-of-items=-1 data-image-proportions=full data-enable-fixed-proportions=no data-enable-image-shadow=no data-category=la-mythologie data-orderby=date data-order=ASC data-item-style=gallery-overlay data-enable-title=yes data-title-tag=h4 data-enable-category=no data-enable-count-images=yes data-enable-excerpt=no data-excerpt-length=20 data-pagination-type=no-pagination data-filter=no data-filter-order-by=name data-enable-article-animation=no data-portfolio-slider-on=no data-enable-loop=yes data-enable-autoplay=yes data-slider-speed=5000 data-slider-speed-animation=600 data-enable-navigation=yes data-enable-pagination=yes data-max-num-pages=0 data-next-page=2>\n\t\t<div class=\"eltdf-pl-inner eltdf-outer-space  clearfix\">\n\t\t<article class=\"eltdf-pl-item eltdf-item-space  post-5684 portfolio-item type-portfolio-item status-publish has-post-thumbnail hentry portfolio-category-la-mythologie-en\">\n\t<div class=\"eltdf-pl-item-inner\">\n\t\t<div class=\"eltdf-pli-image\">\n\t<img loading=\"lazy\" decoding=\"async\" width=\"1000\" height=\"1000\" src=\"https:\/\/www.galerie-furstenberg.fr\/wp-content\/uploads\/2023\/06\/1.Mythology-Argus.jpg\" class=\"attachment-full size-full wp-post-image\" alt=\"\" srcset=\"https:\/\/www.galerie-furstenberg.fr\/wp-content\/uploads\/2023\/06\/1.Mythology-Argus.jpg 1000w, https:\/\/www.galerie-furstenberg.fr\/wp-content\/uploads\/2023\/06\/1.Mythology-Argus-300x300.jpg 300w, https:\/\/www.galerie-furstenberg.fr\/wp-content\/uploads\/2023\/06\/1.Mythology-Argus-150x150.jpg 150w, https:\/\/www.galerie-furstenberg.fr\/wp-content\/uploads\/2023\/06\/1.Mythology-Argus-768x768.jpg 768w, https:\/\/www.galerie-furstenberg.fr\/wp-content\/uploads\/2023\/06\/1.Mythology-Argus-650x650.jpg 650w\" sizes=\"auto, (max-width: 1000px) 100vw, 1000px\" \/>\t\t            <a itemprop=\"url\" class=\"eltdf-pli-link eltdf-block-drag-link\" href=\"https:\/\/www.galerie-furstenberg.fr\/en\/portfolio-item\/mythology-argus\/\" target=\"_self\">\n        \t            <div class=\"eltdf-pl-item-plus\">\n\t                <svg version=\"1.1\" xmlns=\"http:\/\/www.w3.org\/2000\/svg\" xmlns:xlink=\"http:\/\/www.w3.org\/1999\/xlink\" x=\"0px\" y=\"0px\"\n\t                     width=\"33px\" height=\"33px\" viewBox=\"0 0 33 33\" enable-background=\"new 0 0 33 33\" xml:space=\"preserve\">\n\t                    <line stroke-miterlimit=\"10\" x1=\"0\" y1=\"16.5\" x2=\"33\" y2=\"16.5\"\/>\n\t                    <line stroke-miterlimit=\"10\" x1=\"16.5\" y1=\"0\" x2=\"16.5\" y2=\"33\"\/>\n\t                <\/svg>\n\t            <\/div>\n            <\/a>\n        <\/div>\n<div class=\"eltdf-pli-text-holder\">\n\t<div class=\"eltdf-pli-text-wrapper\">\n\t\t<div class=\"eltdf-pli-text\">\n\t\t\t\t<h4 itemprop=\"name\" class=\"eltdf-pli-title entry-title\" >\n\t\tMYTHOLOGY Argus\t<\/h4>\n\n\t\t\t\n\t\t\t\t\t\t\n\t\t\t\t\t<\/div>\n\t<\/div>\n<\/div>\n\t<\/div>\n<\/article><article class=\"eltdf-pl-item eltdf-item-space  post-4752 portfolio-item type-portfolio-item status-publish has-post-thumbnail hentry portfolio-category-la-mythologie-en\">\n\t<div class=\"eltdf-pl-item-inner\">\n\t\t<div class=\"eltdf-pli-image\">\n\t<img loading=\"lazy\" decoding=\"async\" width=\"1000\" height=\"1000\" src=\"https:\/\/www.galerie-furstenberg.fr\/wp-content\/uploads\/2019\/09\/1C.Mythology-Pegasus.jpg\" class=\"attachment-full size-full wp-post-image\" alt=\"Pegasus s\u00e9rie Mythologie Salvador DALI\" srcset=\"https:\/\/www.galerie-furstenberg.fr\/wp-content\/uploads\/2019\/09\/1C.Mythology-Pegasus.jpg 1000w, https:\/\/www.galerie-furstenberg.fr\/wp-content\/uploads\/2019\/09\/1C.Mythology-Pegasus-300x300.jpg 300w, https:\/\/www.galerie-furstenberg.fr\/wp-content\/uploads\/2019\/09\/1C.Mythology-Pegasus-150x150.jpg 150w, https:\/\/www.galerie-furstenberg.fr\/wp-content\/uploads\/2019\/09\/1C.Mythology-Pegasus-768x768.jpg 768w, https:\/\/www.galerie-furstenberg.fr\/wp-content\/uploads\/2019\/09\/1C.Mythology-Pegasus-650x650.jpg 650w\" sizes=\"auto, (max-width: 1000px) 100vw, 1000px\" \/>\t\t            <a itemprop=\"url\" class=\"eltdf-pli-link eltdf-block-drag-link\" href=\"https:\/\/www.galerie-furstenberg.fr\/en\/portfolio-item\/mythology-pegasus\/\" target=\"_self\">\n        \t            <div class=\"eltdf-pl-item-plus\">\n\t                <svg version=\"1.1\" xmlns=\"http:\/\/www.w3.org\/2000\/svg\" xmlns:xlink=\"http:\/\/www.w3.org\/1999\/xlink\" x=\"0px\" y=\"0px\"\n\t                     width=\"33px\" height=\"33px\" viewBox=\"0 0 33 33\" enable-background=\"new 0 0 33 33\" xml:space=\"preserve\">\n\t                    <line stroke-miterlimit=\"10\" x1=\"0\" y1=\"16.5\" x2=\"33\" y2=\"16.5\"\/>\n\t                    <line stroke-miterlimit=\"10\" x1=\"16.5\" y1=\"0\" x2=\"16.5\" y2=\"33\"\/>\n\t                <\/svg>\n\t            <\/div>\n            <\/a>\n        <\/div>\n<div class=\"eltdf-pli-text-holder\">\n\t<div class=\"eltdf-pli-text-wrapper\">\n\t\t<div class=\"eltdf-pli-text\">\n\t\t\t\t<h4 itemprop=\"name\" class=\"eltdf-pli-title entry-title\" >\n\t\tMYTHOLOGY Pegasus\t<\/h4>\n\n\t\t\t\n\t\t\t\t\t\t\n\t\t\t\t\t<\/div>\n\t<\/div>\n<\/div>\n\t<\/div>\n<\/article><article class=\"eltdf-pl-item eltdf-item-space  post-4749 portfolio-item type-portfolio-item status-publish has-post-thumbnail hentry portfolio-category-la-mythologie-en\">\n\t<div class=\"eltdf-pl-item-inner\">\n\t\t<div class=\"eltdf-pli-image\">\n\t<img loading=\"lazy\" decoding=\"async\" width=\"1000\" height=\"1000\" src=\"https:\/\/www.galerie-furstenberg.fr\/wp-content\/uploads\/2019\/09\/1C.Mythology-The-Judgment-of-Paris.jpg\" class=\"attachment-full size-full wp-post-image\" alt=\"Le jugement de Paris s\u00e9rie Mythologie\" srcset=\"https:\/\/www.galerie-furstenberg.fr\/wp-content\/uploads\/2019\/09\/1C.Mythology-The-Judgment-of-Paris.jpg 1000w, https:\/\/www.galerie-furstenberg.fr\/wp-content\/uploads\/2019\/09\/1C.Mythology-The-Judgment-of-Paris-300x300.jpg 300w, https:\/\/www.galerie-furstenberg.fr\/wp-content\/uploads\/2019\/09\/1C.Mythology-The-Judgment-of-Paris-150x150.jpg 150w, https:\/\/www.galerie-furstenberg.fr\/wp-content\/uploads\/2019\/09\/1C.Mythology-The-Judgment-of-Paris-768x768.jpg 768w, https:\/\/www.galerie-furstenberg.fr\/wp-content\/uploads\/2019\/09\/1C.Mythology-The-Judgment-of-Paris-650x650.jpg 650w\" sizes=\"auto, (max-width: 1000px) 100vw, 1000px\" \/>\t\t            <a itemprop=\"url\" class=\"eltdf-pli-link eltdf-block-drag-link\" href=\"https:\/\/www.galerie-furstenberg.fr\/en\/portfolio-item\/mythology-judgement-of-paris\/\" target=\"_self\">\n        \t            <div class=\"eltdf-pl-item-plus\">\n\t                <svg version=\"1.1\" xmlns=\"http:\/\/www.w3.org\/2000\/svg\" xmlns:xlink=\"http:\/\/www.w3.org\/1999\/xlink\" x=\"0px\" y=\"0px\"\n\t                     width=\"33px\" height=\"33px\" viewBox=\"0 0 33 33\" enable-background=\"new 0 0 33 33\" xml:space=\"preserve\">\n\t                    <line stroke-miterlimit=\"10\" x1=\"0\" y1=\"16.5\" x2=\"33\" y2=\"16.5\"\/>\n\t                    <line stroke-miterlimit=\"10\" x1=\"16.5\" y1=\"0\" x2=\"16.5\" y2=\"33\"\/>\n\t                <\/svg>\n\t            <\/div>\n            <\/a>\n        <\/div>\n<div class=\"eltdf-pli-text-holder\">\n\t<div class=\"eltdf-pli-text-wrapper\">\n\t\t<div class=\"eltdf-pli-text\">\n\t\t\t\t<h4 itemprop=\"name\" class=\"eltdf-pli-title entry-title\" >\n\t\tMYTHOLOGY Judgement of P\u00e2ris\t<\/h4>\n\n\t\t\t\n\t\t\t\t\t\t\n\t\t\t\t\t<\/div>\n\t<\/div>\n<\/div>\n\t<\/div>\n<\/article><article class=\"eltdf-pl-item eltdf-item-space  post-4757 portfolio-item type-portfolio-item status-publish has-post-thumbnail hentry portfolio-category-la-mythologie-en\">\n\t<div class=\"eltdf-pl-item-inner\">\n\t\t<div class=\"eltdf-pli-image\">\n\t<img loading=\"lazy\" decoding=\"async\" width=\"1000\" height=\"1000\" src=\"https:\/\/www.galerie-furstenberg.fr\/wp-content\/uploads\/2019\/09\/1C.Mythology-Athena.jpg\" class=\"attachment-full size-full wp-post-image\" alt=\"Ath\u00e9na s\u00e9rie Mythologie Salvador DALI\" srcset=\"https:\/\/www.galerie-furstenberg.fr\/wp-content\/uploads\/2019\/09\/1C.Mythology-Athena.jpg 1000w, https:\/\/www.galerie-furstenberg.fr\/wp-content\/uploads\/2019\/09\/1C.Mythology-Athena-300x300.jpg 300w, https:\/\/www.galerie-furstenberg.fr\/wp-content\/uploads\/2019\/09\/1C.Mythology-Athena-150x150.jpg 150w, https:\/\/www.galerie-furstenberg.fr\/wp-content\/uploads\/2019\/09\/1C.Mythology-Athena-768x768.jpg 768w, https:\/\/www.galerie-furstenberg.fr\/wp-content\/uploads\/2019\/09\/1C.Mythology-Athena-650x650.jpg 650w\" sizes=\"auto, (max-width: 1000px) 100vw, 1000px\" \/>\t\t            <a itemprop=\"url\" class=\"eltdf-pli-link eltdf-block-drag-link\" href=\"https:\/\/www.galerie-furstenberg.fr\/en\/portfolio-item\/mythology-athena\/\" target=\"_self\">\n        \t            <div class=\"eltdf-pl-item-plus\">\n\t                <svg version=\"1.1\" xmlns=\"http:\/\/www.w3.org\/2000\/svg\" xmlns:xlink=\"http:\/\/www.w3.org\/1999\/xlink\" x=\"0px\" y=\"0px\"\n\t                     width=\"33px\" height=\"33px\" viewBox=\"0 0 33 33\" enable-background=\"new 0 0 33 33\" xml:space=\"preserve\">\n\t                    <line stroke-miterlimit=\"10\" x1=\"0\" y1=\"16.5\" x2=\"33\" y2=\"16.5\"\/>\n\t                    <line stroke-miterlimit=\"10\" x1=\"16.5\" y1=\"0\" x2=\"16.5\" y2=\"33\"\/>\n\t                <\/svg>\n\t            <\/div>\n            <\/a>\n        <\/div>\n<div class=\"eltdf-pli-text-holder\">\n\t<div class=\"eltdf-pli-text-wrapper\">\n\t\t<div class=\"eltdf-pli-text\">\n\t\t\t\t<h4 itemprop=\"name\" class=\"eltdf-pli-title entry-title\" >\n\t\tMYTHOLOGY Athena\t<\/h4>\n\n\t\t\t\n\t\t\t\t\t\t\n\t\t\t\t\t<\/div>\n\t<\/div>\n<\/div>\n\t<\/div>\n<\/article><article class=\"eltdf-pl-item eltdf-item-space  post-4766 portfolio-item type-portfolio-item status-publish has-post-thumbnail hentry portfolio-category-la-mythologie-en\">\n\t<div class=\"eltdf-pl-item-inner\">\n\t\t<div class=\"eltdf-pli-image\">\n\t<img loading=\"lazy\" decoding=\"async\" width=\"1000\" height=\"1000\" src=\"https:\/\/www.galerie-furstenberg.fr\/wp-content\/uploads\/2019\/09\/1C.Mythology-Birth-of-Venus.jpg\" class=\"attachment-full size-full wp-post-image\" alt=\"Naissance de V\u00e9nus s\u00e9rie Mythologie Salvador DALI\" srcset=\"https:\/\/www.galerie-furstenberg.fr\/wp-content\/uploads\/2019\/09\/1C.Mythology-Birth-of-Venus.jpg 1000w, https:\/\/www.galerie-furstenberg.fr\/wp-content\/uploads\/2019\/09\/1C.Mythology-Birth-of-Venus-300x300.jpg 300w, https:\/\/www.galerie-furstenberg.fr\/wp-content\/uploads\/2019\/09\/1C.Mythology-Birth-of-Venus-150x150.jpg 150w, https:\/\/www.galerie-furstenberg.fr\/wp-content\/uploads\/2019\/09\/1C.Mythology-Birth-of-Venus-768x768.jpg 768w, https:\/\/www.galerie-furstenberg.fr\/wp-content\/uploads\/2019\/09\/1C.Mythology-Birth-of-Venus-650x650.jpg 650w\" sizes=\"auto, (max-width: 1000px) 100vw, 1000px\" \/>\t\t            <a itemprop=\"url\" class=\"eltdf-pli-link eltdf-block-drag-link\" href=\"https:\/\/www.galerie-furstenberg.fr\/en\/portfolio-item\/mythology-birth-of-venus\/\" target=\"_self\">\n        \t            <div class=\"eltdf-pl-item-plus\">\n\t                <svg version=\"1.1\" xmlns=\"http:\/\/www.w3.org\/2000\/svg\" xmlns:xlink=\"http:\/\/www.w3.org\/1999\/xlink\" x=\"0px\" y=\"0px\"\n\t                     width=\"33px\" height=\"33px\" viewBox=\"0 0 33 33\" enable-background=\"new 0 0 33 33\" xml:space=\"preserve\">\n\t                    <line stroke-miterlimit=\"10\" x1=\"0\" y1=\"16.5\" x2=\"33\" y2=\"16.5\"\/>\n\t                    <line stroke-miterlimit=\"10\" x1=\"16.5\" y1=\"0\" x2=\"16.5\" y2=\"33\"\/>\n\t                <\/svg>\n\t            <\/div>\n            <\/a>\n        <\/div>\n<div class=\"eltdf-pli-text-holder\">\n\t<div class=\"eltdf-pli-text-wrapper\">\n\t\t<div class=\"eltdf-pli-text\">\n\t\t\t\t<h4 itemprop=\"name\" class=\"eltdf-pli-title entry-title\" >\n\t\tMYTHOLOGY Birth of Venus\t<\/h4>\n\n\t\t\t\n\t\t\t\t\t\t\n\t\t\t\t\t<\/div>\n\t<\/div>\n<\/div>\n\t<\/div>\n<\/article><article class=\"eltdf-pl-item eltdf-item-space  post-4765 portfolio-item type-portfolio-item status-publish has-post-thumbnail hentry portfolio-category-la-mythologie-en\">\n\t<div class=\"eltdf-pl-item-inner\">\n\t\t<div class=\"eltdf-pli-image\">\n\t<img loading=\"lazy\" decoding=\"async\" width=\"1000\" height=\"1000\" src=\"https:\/\/www.galerie-furstenberg.fr\/wp-content\/uploads\/2019\/09\/1C.Mythology-Flight_and_Fall_of_Icarus.jpg\" class=\"attachment-full size-full wp-post-image\" alt=\"Icare s\u00e9rie Mythologie Salvador DALI\" srcset=\"https:\/\/www.galerie-furstenberg.fr\/wp-content\/uploads\/2019\/09\/1C.Mythology-Flight_and_Fall_of_Icarus.jpg 1000w, https:\/\/www.galerie-furstenberg.fr\/wp-content\/uploads\/2019\/09\/1C.Mythology-Flight_and_Fall_of_Icarus-300x300.jpg 300w, https:\/\/www.galerie-furstenberg.fr\/wp-content\/uploads\/2019\/09\/1C.Mythology-Flight_and_Fall_of_Icarus-150x150.jpg 150w, https:\/\/www.galerie-furstenberg.fr\/wp-content\/uploads\/2019\/09\/1C.Mythology-Flight_and_Fall_of_Icarus-768x768.jpg 768w, https:\/\/www.galerie-furstenberg.fr\/wp-content\/uploads\/2019\/09\/1C.Mythology-Flight_and_Fall_of_Icarus-650x650.jpg 650w\" sizes=\"auto, (max-width: 1000px) 100vw, 1000px\" \/>\t\t            <a itemprop=\"url\" class=\"eltdf-pli-link eltdf-block-drag-link\" href=\"https:\/\/www.galerie-furstenberg.fr\/en\/portfolio-item\/mythology-icarus\/\" target=\"_self\">\n        \t            <div class=\"eltdf-pl-item-plus\">\n\t                <svg version=\"1.1\" xmlns=\"http:\/\/www.w3.org\/2000\/svg\" xmlns:xlink=\"http:\/\/www.w3.org\/1999\/xlink\" x=\"0px\" y=\"0px\"\n\t                     width=\"33px\" height=\"33px\" viewBox=\"0 0 33 33\" enable-background=\"new 0 0 33 33\" xml:space=\"preserve\">\n\t                    <line stroke-miterlimit=\"10\" x1=\"0\" y1=\"16.5\" x2=\"33\" y2=\"16.5\"\/>\n\t                    <line stroke-miterlimit=\"10\" x1=\"16.5\" y1=\"0\" x2=\"16.5\" y2=\"33\"\/>\n\t                <\/svg>\n\t            <\/div>\n            <\/a>\n        <\/div>\n<div class=\"eltdf-pli-text-holder\">\n\t<div class=\"eltdf-pli-text-wrapper\">\n\t\t<div class=\"eltdf-pli-text\">\n\t\t\t\t<h4 itemprop=\"name\" class=\"eltdf-pli-title entry-title\" >\n\t\tMYTHOLOGY Icarus\t<\/h4>\n\n\t\t\t\n\t\t\t\t\t\t\n\t\t\t\t\t<\/div>\n\t<\/div>\n<\/div>\n\t<\/div>\n<\/article><article class=\"eltdf-pl-item eltdf-item-space  post-4764 portfolio-item type-portfolio-item status-publish has-post-thumbnail hentry portfolio-category-la-mythologie-en\">\n\t<div class=\"eltdf-pl-item-inner\">\n\t\t<div class=\"eltdf-pli-image\">\n\t<img loading=\"lazy\" decoding=\"async\" width=\"1000\" height=\"1000\" src=\"https:\/\/www.galerie-furstenberg.fr\/wp-content\/uploads\/2019\/09\/1C.Mythology-Hypnos.jpg\" class=\"attachment-full size-full wp-post-image\" alt=\"Hypnos s\u00e9rie Mythologie Salvador DALI\" srcset=\"https:\/\/www.galerie-furstenberg.fr\/wp-content\/uploads\/2019\/09\/1C.Mythology-Hypnos.jpg 1000w, https:\/\/www.galerie-furstenberg.fr\/wp-content\/uploads\/2019\/09\/1C.Mythology-Hypnos-300x300.jpg 300w, https:\/\/www.galerie-furstenberg.fr\/wp-content\/uploads\/2019\/09\/1C.Mythology-Hypnos-150x150.jpg 150w, https:\/\/www.galerie-furstenberg.fr\/wp-content\/uploads\/2019\/09\/1C.Mythology-Hypnos-768x768.jpg 768w, https:\/\/www.galerie-furstenberg.fr\/wp-content\/uploads\/2019\/09\/1C.Mythology-Hypnos-650x650.jpg 650w\" sizes=\"auto, (max-width: 1000px) 100vw, 1000px\" \/>\t\t            <a itemprop=\"url\" class=\"eltdf-pli-link eltdf-block-drag-link\" href=\"https:\/\/www.galerie-furstenberg.fr\/en\/portfolio-item\/mythology-hypnos\/\" target=\"_self\">\n        \t            <div class=\"eltdf-pl-item-plus\">\n\t                <svg version=\"1.1\" xmlns=\"http:\/\/www.w3.org\/2000\/svg\" xmlns:xlink=\"http:\/\/www.w3.org\/1999\/xlink\" x=\"0px\" y=\"0px\"\n\t                     width=\"33px\" height=\"33px\" viewBox=\"0 0 33 33\" enable-background=\"new 0 0 33 33\" xml:space=\"preserve\">\n\t                    <line stroke-miterlimit=\"10\" x1=\"0\" y1=\"16.5\" x2=\"33\" y2=\"16.5\"\/>\n\t                    <line stroke-miterlimit=\"10\" x1=\"16.5\" y1=\"0\" x2=\"16.5\" y2=\"33\"\/>\n\t                <\/svg>\n\t            <\/div>\n            <\/a>\n        <\/div>\n<div class=\"eltdf-pli-text-holder\">\n\t<div class=\"eltdf-pli-text-wrapper\">\n\t\t<div class=\"eltdf-pli-text\">\n\t\t\t\t<h4 itemprop=\"name\" class=\"eltdf-pli-title entry-title\" >\n\t\tMYTHOLOGY Hypnos\t<\/h4>\n\n\t\t\t\n\t\t\t\t\t\t\n\t\t\t\t\t<\/div>\n\t<\/div>\n<\/div>\n\t<\/div>\n<\/article><article class=\"eltdf-pl-item eltdf-item-space  post-4762 portfolio-item type-portfolio-item status-publish has-post-thumbnail hentry portfolio-category-la-mythologie-en\">\n\t<div class=\"eltdf-pl-item-inner\">\n\t\t<div class=\"eltdf-pli-image\">\n\t<img loading=\"lazy\" decoding=\"async\" width=\"1000\" height=\"1000\" src=\"https:\/\/www.galerie-furstenberg.fr\/wp-content\/uploads\/2019\/09\/1C.Mythology-Jupiter.jpg\" class=\"attachment-full size-full wp-post-image\" alt=\"Jupiter s\u00e9rie Mythologie Salvador DALI\" srcset=\"https:\/\/www.galerie-furstenberg.fr\/wp-content\/uploads\/2019\/09\/1C.Mythology-Jupiter.jpg 1000w, https:\/\/www.galerie-furstenberg.fr\/wp-content\/uploads\/2019\/09\/1C.Mythology-Jupiter-300x300.jpg 300w, https:\/\/www.galerie-furstenberg.fr\/wp-content\/uploads\/2019\/09\/1C.Mythology-Jupiter-150x150.jpg 150w, https:\/\/www.galerie-furstenberg.fr\/wp-content\/uploads\/2019\/09\/1C.Mythology-Jupiter-768x768.jpg 768w, https:\/\/www.galerie-furstenberg.fr\/wp-content\/uploads\/2019\/09\/1C.Mythology-Jupiter-650x650.jpg 650w\" sizes=\"auto, (max-width: 1000px) 100vw, 1000px\" \/>\t\t            <a itemprop=\"url\" class=\"eltdf-pli-link eltdf-block-drag-link\" href=\"https:\/\/www.galerie-furstenberg.fr\/en\/portfolio-item\/mythology-jupiter\/\" target=\"_self\">\n        \t            <div class=\"eltdf-pl-item-plus\">\n\t                <svg version=\"1.1\" xmlns=\"http:\/\/www.w3.org\/2000\/svg\" xmlns:xlink=\"http:\/\/www.w3.org\/1999\/xlink\" x=\"0px\" y=\"0px\"\n\t                     width=\"33px\" height=\"33px\" viewBox=\"0 0 33 33\" enable-background=\"new 0 0 33 33\" xml:space=\"preserve\">\n\t                    <line stroke-miterlimit=\"10\" x1=\"0\" y1=\"16.5\" x2=\"33\" y2=\"16.5\"\/>\n\t                    <line stroke-miterlimit=\"10\" x1=\"16.5\" y1=\"0\" x2=\"16.5\" y2=\"33\"\/>\n\t                <\/svg>\n\t            <\/div>\n            <\/a>\n        <\/div>\n<div class=\"eltdf-pli-text-holder\">\n\t<div class=\"eltdf-pli-text-wrapper\">\n\t\t<div class=\"eltdf-pli-text\">\n\t\t\t\t<h4 itemprop=\"name\" class=\"eltdf-pli-title entry-title\" >\n\t\tMYTHOLOGY Jupiter\t<\/h4>\n\n\t\t\t\n\t\t\t\t\t\t\n\t\t\t\t\t<\/div>\n\t<\/div>\n<\/div>\n\t<\/div>\n<\/article><article class=\"eltdf-pl-item eltdf-item-space  post-4760 portfolio-item type-portfolio-item status-publish has-post-thumbnail hentry portfolio-category-la-mythologie-en\">\n\t<div class=\"eltdf-pl-item-inner\">\n\t\t<div class=\"eltdf-pli-image\">\n\t<img loading=\"lazy\" decoding=\"async\" width=\"1000\" height=\"1000\" src=\"https:\/\/www.galerie-furstenberg.fr\/wp-content\/uploads\/2019\/09\/1C.Mythology-Leda_and_Swan.jpg\" class=\"attachment-full size-full wp-post-image\" alt=\"Leda et le Cygne s\u00e9rie Mythologie Salvador DALI\" srcset=\"https:\/\/www.galerie-furstenberg.fr\/wp-content\/uploads\/2019\/09\/1C.Mythology-Leda_and_Swan.jpg 1000w, https:\/\/www.galerie-furstenberg.fr\/wp-content\/uploads\/2019\/09\/1C.Mythology-Leda_and_Swan-300x300.jpg 300w, https:\/\/www.galerie-furstenberg.fr\/wp-content\/uploads\/2019\/09\/1C.Mythology-Leda_and_Swan-150x150.jpg 150w, https:\/\/www.galerie-furstenberg.fr\/wp-content\/uploads\/2019\/09\/1C.Mythology-Leda_and_Swan-768x768.jpg 768w, https:\/\/www.galerie-furstenberg.fr\/wp-content\/uploads\/2019\/09\/1C.Mythology-Leda_and_Swan-650x650.jpg 650w\" sizes=\"auto, (max-width: 1000px) 100vw, 1000px\" \/>\t\t            <a itemprop=\"url\" class=\"eltdf-pli-link eltdf-block-drag-link\" href=\"https:\/\/www.galerie-furstenberg.fr\/en\/portfolio-item\/mythology-leda-and-swan\/\" target=\"_self\">\n        \t            <div class=\"eltdf-pl-item-plus\">\n\t                <svg version=\"1.1\" xmlns=\"http:\/\/www.w3.org\/2000\/svg\" xmlns:xlink=\"http:\/\/www.w3.org\/1999\/xlink\" x=\"0px\" y=\"0px\"\n\t                     width=\"33px\" height=\"33px\" viewBox=\"0 0 33 33\" enable-background=\"new 0 0 33 33\" xml:space=\"preserve\">\n\t                    <line stroke-miterlimit=\"10\" x1=\"0\" y1=\"16.5\" x2=\"33\" y2=\"16.5\"\/>\n\t                    <line stroke-miterlimit=\"10\" x1=\"16.5\" y1=\"0\" x2=\"16.5\" y2=\"33\"\/>\n\t                <\/svg>\n\t            <\/div>\n            <\/a>\n        <\/div>\n<div class=\"eltdf-pli-text-holder\">\n\t<div class=\"eltdf-pli-text-wrapper\">\n\t\t<div class=\"eltdf-pli-text\">\n\t\t\t\t<h4 itemprop=\"name\" class=\"eltdf-pli-title entry-title\" >\n\t\tMYTHOLOGY Leda and Swan\t<\/h4>\n\n\t\t\t\n\t\t\t\t\t\t\n\t\t\t\t\t<\/div>\n\t<\/div>\n<\/div>\n\t<\/div>\n<\/article><article class=\"eltdf-pl-item eltdf-item-space  post-4756 portfolio-item type-portfolio-item status-publish has-post-thumbnail hentry portfolio-category-la-mythologie-en\">\n\t<div class=\"eltdf-pl-item-inner\">\n\t\t<div class=\"eltdf-pli-image\">\n\t<img loading=\"lazy\" decoding=\"async\" width=\"1000\" height=\"1000\" src=\"https:\/\/www.galerie-furstenberg.fr\/wp-content\/uploads\/2019\/09\/1C.Mythology-Medusa.jpg\" class=\"attachment-full size-full wp-post-image\" alt=\"M\u00e9duse s\u00e9rie Mythologie Salvador DALI\" srcset=\"https:\/\/www.galerie-furstenberg.fr\/wp-content\/uploads\/2019\/09\/1C.Mythology-Medusa.jpg 1000w, https:\/\/www.galerie-furstenberg.fr\/wp-content\/uploads\/2019\/09\/1C.Mythology-Medusa-300x300.jpg 300w, https:\/\/www.galerie-furstenberg.fr\/wp-content\/uploads\/2019\/09\/1C.Mythology-Medusa-150x150.jpg 150w, https:\/\/www.galerie-furstenberg.fr\/wp-content\/uploads\/2019\/09\/1C.Mythology-Medusa-768x768.jpg 768w, https:\/\/www.galerie-furstenberg.fr\/wp-content\/uploads\/2019\/09\/1C.Mythology-Medusa-650x650.jpg 650w\" sizes=\"auto, (max-width: 1000px) 100vw, 1000px\" \/>\t\t            <a itemprop=\"url\" class=\"eltdf-pli-link eltdf-block-drag-link\" href=\"https:\/\/www.galerie-furstenberg.fr\/en\/portfolio-item\/mythology-medusa\/\" target=\"_self\">\n        \t            <div class=\"eltdf-pl-item-plus\">\n\t                <svg version=\"1.1\" xmlns=\"http:\/\/www.w3.org\/2000\/svg\" xmlns:xlink=\"http:\/\/www.w3.org\/1999\/xlink\" x=\"0px\" y=\"0px\"\n\t                     width=\"33px\" height=\"33px\" viewBox=\"0 0 33 33\" enable-background=\"new 0 0 33 33\" xml:space=\"preserve\">\n\t                    <line stroke-miterlimit=\"10\" x1=\"0\" y1=\"16.5\" x2=\"33\" y2=\"16.5\"\/>\n\t                    <line stroke-miterlimit=\"10\" x1=\"16.5\" y1=\"0\" x2=\"16.5\" y2=\"33\"\/>\n\t                <\/svg>\n\t            <\/div>\n            <\/a>\n        <\/div>\n<div class=\"eltdf-pli-text-holder\">\n\t<div class=\"eltdf-pli-text-wrapper\">\n\t\t<div class=\"eltdf-pli-text\">\n\t\t\t\t<h4 itemprop=\"name\" class=\"eltdf-pli-title entry-title\" >\n\t\tMYTHOLOGY Medusa\t<\/h4>\n\n\t\t\t\n\t\t\t\t\t\t\n\t\t\t\t\t<\/div>\n\t<\/div>\n<\/div>\n\t<\/div>\n<\/article><article class=\"eltdf-pl-item eltdf-item-space  post-4755 portfolio-item type-portfolio-item status-publish has-post-thumbnail hentry portfolio-category-la-mythologie-en\">\n\t<div class=\"eltdf-pl-item-inner\">\n\t\t<div class=\"eltdf-pli-image\">\n\t<img loading=\"lazy\" decoding=\"async\" width=\"1000\" height=\"1000\" src=\"https:\/\/www.galerie-furstenberg.fr\/wp-content\/uploads\/2019\/09\/1C.Mythology-Narcissus.jpg\" class=\"attachment-full size-full wp-post-image\" alt=\"Narcisse s\u00e9rie Mythologie Salvador DALI\" srcset=\"https:\/\/www.galerie-furstenberg.fr\/wp-content\/uploads\/2019\/09\/1C.Mythology-Narcissus.jpg 1000w, https:\/\/www.galerie-furstenberg.fr\/wp-content\/uploads\/2019\/09\/1C.Mythology-Narcissus-300x300.jpg 300w, https:\/\/www.galerie-furstenberg.fr\/wp-content\/uploads\/2019\/09\/1C.Mythology-Narcissus-150x150.jpg 150w, https:\/\/www.galerie-furstenberg.fr\/wp-content\/uploads\/2019\/09\/1C.Mythology-Narcissus-768x768.jpg 768w, https:\/\/www.galerie-furstenberg.fr\/wp-content\/uploads\/2019\/09\/1C.Mythology-Narcissus-650x650.jpg 650w\" sizes=\"auto, (max-width: 1000px) 100vw, 1000px\" \/>\t\t            <a itemprop=\"url\" class=\"eltdf-pli-link eltdf-block-drag-link\" href=\"https:\/\/www.galerie-furstenberg.fr\/en\/portfolio-item\/mythology-narcissus\/\" target=\"_self\">\n        \t            <div class=\"eltdf-pl-item-plus\">\n\t                <svg version=\"1.1\" xmlns=\"http:\/\/www.w3.org\/2000\/svg\" xmlns:xlink=\"http:\/\/www.w3.org\/1999\/xlink\" x=\"0px\" y=\"0px\"\n\t                     width=\"33px\" height=\"33px\" viewBox=\"0 0 33 33\" enable-background=\"new 0 0 33 33\" xml:space=\"preserve\">\n\t                    <line stroke-miterlimit=\"10\" x1=\"0\" y1=\"16.5\" x2=\"33\" y2=\"16.5\"\/>\n\t                    <line stroke-miterlimit=\"10\" x1=\"16.5\" y1=\"0\" x2=\"16.5\" y2=\"33\"\/>\n\t                <\/svg>\n\t            <\/div>\n            <\/a>\n        <\/div>\n<div class=\"eltdf-pli-text-holder\">\n\t<div class=\"eltdf-pli-text-wrapper\">\n\t\t<div class=\"eltdf-pli-text\">\n\t\t\t\t<h4 itemprop=\"name\" class=\"eltdf-pli-title entry-title\" >\n\t\tMYTHOLOGY Narcissus\t<\/h4>\n\n\t\t\t\n\t\t\t\t\t\t\n\t\t\t\t\t<\/div>\n\t<\/div>\n<\/div>\n\t<\/div>\n<\/article><article class=\"eltdf-pl-item eltdf-item-space  post-4754 portfolio-item type-portfolio-item status-publish has-post-thumbnail hentry portfolio-category-la-mythologie-en\">\n\t<div class=\"eltdf-pl-item-inner\">\n\t\t<div class=\"eltdf-pli-image\">\n\t<img loading=\"lazy\" decoding=\"async\" width=\"1000\" height=\"1000\" src=\"https:\/\/www.galerie-furstenberg.fr\/wp-content\/uploads\/2019\/09\/1C.Mythology-Neptune.jpg\" class=\"attachment-full size-full wp-post-image\" alt=\"Neptune Mythologie de Salvador Dali\" srcset=\"https:\/\/www.galerie-furstenberg.fr\/wp-content\/uploads\/2019\/09\/1C.Mythology-Neptune.jpg 1000w, https:\/\/www.galerie-furstenberg.fr\/wp-content\/uploads\/2019\/09\/1C.Mythology-Neptune-300x300.jpg 300w, https:\/\/www.galerie-furstenberg.fr\/wp-content\/uploads\/2019\/09\/1C.Mythology-Neptune-150x150.jpg 150w, https:\/\/www.galerie-furstenberg.fr\/wp-content\/uploads\/2019\/09\/1C.Mythology-Neptune-768x768.jpg 768w, https:\/\/www.galerie-furstenberg.fr\/wp-content\/uploads\/2019\/09\/1C.Mythology-Neptune-650x650.jpg 650w\" sizes=\"auto, (max-width: 1000px) 100vw, 1000px\" \/>\t\t            <a itemprop=\"url\" class=\"eltdf-pli-link eltdf-block-drag-link\" href=\"https:\/\/www.galerie-furstenberg.fr\/en\/portfolio-item\/mythology-neptune\/\" target=\"_self\">\n        \t            <div class=\"eltdf-pl-item-plus\">\n\t                <svg version=\"1.1\" xmlns=\"http:\/\/www.w3.org\/2000\/svg\" xmlns:xlink=\"http:\/\/www.w3.org\/1999\/xlink\" x=\"0px\" y=\"0px\"\n\t                     width=\"33px\" height=\"33px\" viewBox=\"0 0 33 33\" enable-background=\"new 0 0 33 33\" xml:space=\"preserve\">\n\t                    <line stroke-miterlimit=\"10\" x1=\"0\" y1=\"16.5\" x2=\"33\" y2=\"16.5\"\/>\n\t                    <line stroke-miterlimit=\"10\" x1=\"16.5\" y1=\"0\" x2=\"16.5\" y2=\"33\"\/>\n\t                <\/svg>\n\t            <\/div>\n            <\/a>\n        <\/div>\n<div class=\"eltdf-pli-text-holder\">\n\t<div class=\"eltdf-pli-text-wrapper\">\n\t\t<div class=\"eltdf-pli-text\">\n\t\t\t\t<h4 itemprop=\"name\" class=\"eltdf-pli-title entry-title\" >\n\t\tMYTHOLOGY Neptune\t<\/h4>\n\n\t\t\t\n\t\t\t\t\t\t\n\t\t\t\t\t<\/div>\n\t<\/div>\n<\/div>\n\t<\/div>\n<\/article><article class=\"eltdf-pl-item eltdf-item-space  post-4753 portfolio-item type-portfolio-item status-publish has-post-thumbnail hentry portfolio-category-la-mythologie-en\">\n\t<div class=\"eltdf-pl-item-inner\">\n\t\t<div class=\"eltdf-pli-image\">\n\t<img loading=\"lazy\" decoding=\"async\" width=\"1000\" height=\"1000\" src=\"https:\/\/www.galerie-furstenberg.fr\/wp-content\/uploads\/2019\/09\/1C.Mythology-Oedipus_and_Sphinx.jpg\" class=\"attachment-full size-full wp-post-image\" alt=\"Oedipe et le Sphinx s\u00e9rie Mythologie Salvador Dali\" srcset=\"https:\/\/www.galerie-furstenberg.fr\/wp-content\/uploads\/2019\/09\/1C.Mythology-Oedipus_and_Sphinx.jpg 1000w, https:\/\/www.galerie-furstenberg.fr\/wp-content\/uploads\/2019\/09\/1C.Mythology-Oedipus_and_Sphinx-300x300.jpg 300w, https:\/\/www.galerie-furstenberg.fr\/wp-content\/uploads\/2019\/09\/1C.Mythology-Oedipus_and_Sphinx-150x150.jpg 150w, https:\/\/www.galerie-furstenberg.fr\/wp-content\/uploads\/2019\/09\/1C.Mythology-Oedipus_and_Sphinx-768x768.jpg 768w, https:\/\/www.galerie-furstenberg.fr\/wp-content\/uploads\/2019\/09\/1C.Mythology-Oedipus_and_Sphinx-650x650.jpg 650w\" sizes=\"auto, (max-width: 1000px) 100vw, 1000px\" \/>\t\t            <a itemprop=\"url\" class=\"eltdf-pli-link eltdf-block-drag-link\" href=\"https:\/\/www.galerie-furstenberg.fr\/en\/portfolio-item\/mythology-oedipus-and-sphinx\/\" target=\"_self\">\n        \t            <div class=\"eltdf-pl-item-plus\">\n\t                <svg version=\"1.1\" xmlns=\"http:\/\/www.w3.org\/2000\/svg\" xmlns:xlink=\"http:\/\/www.w3.org\/1999\/xlink\" x=\"0px\" y=\"0px\"\n\t                     width=\"33px\" height=\"33px\" viewBox=\"0 0 33 33\" enable-background=\"new 0 0 33 33\" xml:space=\"preserve\">\n\t                    <line stroke-miterlimit=\"10\" x1=\"0\" y1=\"16.5\" x2=\"33\" y2=\"16.5\"\/>\n\t                    <line stroke-miterlimit=\"10\" x1=\"16.5\" y1=\"0\" x2=\"16.5\" y2=\"33\"\/>\n\t                <\/svg>\n\t            <\/div>\n            <\/a>\n        <\/div>\n<div class=\"eltdf-pli-text-holder\">\n\t<div class=\"eltdf-pli-text-wrapper\">\n\t\t<div class=\"eltdf-pli-text\">\n\t\t\t\t<h4 itemprop=\"name\" class=\"eltdf-pli-title entry-title\" >\n\t\tMYTHOLOGY Oedipus and sphinx\t<\/h4>\n\n\t\t\t\n\t\t\t\t\t\t\n\t\t\t\t\t<\/div>\n\t<\/div>\n<\/div>\n\t<\/div>\n<\/article><article class=\"eltdf-pl-item eltdf-item-space  post-4751 portfolio-item type-portfolio-item status-publish has-post-thumbnail hentry portfolio-category-la-mythologie-en\">\n\t<div class=\"eltdf-pl-item-inner\">\n\t\t<div class=\"eltdf-pli-image\">\n\t<img loading=\"lazy\" decoding=\"async\" width=\"1000\" height=\"1000\" src=\"https:\/\/www.galerie-furstenberg.fr\/wp-content\/uploads\/2019\/09\/1C.Mythology-Saturn.jpg\" class=\"attachment-full size-full wp-post-image\" alt=\"Saturne s\u00e9rie Mythologie Salvador DALI\" srcset=\"https:\/\/www.galerie-furstenberg.fr\/wp-content\/uploads\/2019\/09\/1C.Mythology-Saturn.jpg 1000w, https:\/\/www.galerie-furstenberg.fr\/wp-content\/uploads\/2019\/09\/1C.Mythology-Saturn-300x300.jpg 300w, https:\/\/www.galerie-furstenberg.fr\/wp-content\/uploads\/2019\/09\/1C.Mythology-Saturn-150x150.jpg 150w, https:\/\/www.galerie-furstenberg.fr\/wp-content\/uploads\/2019\/09\/1C.Mythology-Saturn-768x768.jpg 768w, https:\/\/www.galerie-furstenberg.fr\/wp-content\/uploads\/2019\/09\/1C.Mythology-Saturn-650x650.jpg 650w\" sizes=\"auto, (max-width: 1000px) 100vw, 1000px\" \/>\t\t            <a itemprop=\"url\" class=\"eltdf-pli-link eltdf-block-drag-link\" href=\"https:\/\/www.galerie-furstenberg.fr\/en\/portfolio-item\/mythology-saturn\/\" target=\"_self\">\n        \t            <div class=\"eltdf-pl-item-plus\">\n\t                <svg version=\"1.1\" xmlns=\"http:\/\/www.w3.org\/2000\/svg\" xmlns:xlink=\"http:\/\/www.w3.org\/1999\/xlink\" x=\"0px\" y=\"0px\"\n\t                     width=\"33px\" height=\"33px\" viewBox=\"0 0 33 33\" enable-background=\"new 0 0 33 33\" xml:space=\"preserve\">\n\t                    <line stroke-miterlimit=\"10\" x1=\"0\" y1=\"16.5\" x2=\"33\" y2=\"16.5\"\/>\n\t                    <line stroke-miterlimit=\"10\" x1=\"16.5\" y1=\"0\" x2=\"16.5\" y2=\"33\"\/>\n\t                <\/svg>\n\t            <\/div>\n            <\/a>\n        <\/div>\n<div class=\"eltdf-pli-text-holder\">\n\t<div class=\"eltdf-pli-text-wrapper\">\n\t\t<div class=\"eltdf-pli-text\">\n\t\t\t\t<h4 itemprop=\"name\" class=\"eltdf-pli-title entry-title\" >\n\t\tMYTHOLOGY Saturn\t<\/h4>\n\n\t\t\t\n\t\t\t\t\t\t\n\t\t\t\t\t<\/div>\n\t<\/div>\n<\/div>\n\t<\/div>\n<\/article><article class=\"eltdf-pl-item eltdf-item-space  post-4750 portfolio-item type-portfolio-item status-publish has-post-thumbnail hentry portfolio-category-la-mythologie-en\">\n\t<div class=\"eltdf-pl-item-inner\">\n\t\t<div class=\"eltdf-pli-image\">\n\t<img loading=\"lazy\" decoding=\"async\" width=\"1000\" height=\"1000\" src=\"https:\/\/www.galerie-furstenberg.fr\/wp-content\/uploads\/2019\/09\/1C.Mythology-The_Milky_Way.jpg\" class=\"attachment-full size-full wp-post-image\" alt=\"La voie Lact\u00e9e s\u00e9rie Mythologie Salvador DALI\" srcset=\"https:\/\/www.galerie-furstenberg.fr\/wp-content\/uploads\/2019\/09\/1C.Mythology-The_Milky_Way.jpg 1000w, https:\/\/www.galerie-furstenberg.fr\/wp-content\/uploads\/2019\/09\/1C.Mythology-The_Milky_Way-300x300.jpg 300w, https:\/\/www.galerie-furstenberg.fr\/wp-content\/uploads\/2019\/09\/1C.Mythology-The_Milky_Way-150x150.jpg 150w, https:\/\/www.galerie-furstenberg.fr\/wp-content\/uploads\/2019\/09\/1C.Mythology-The_Milky_Way-768x768.jpg 768w, https:\/\/www.galerie-furstenberg.fr\/wp-content\/uploads\/2019\/09\/1C.Mythology-The_Milky_Way-650x650.jpg 650w\" sizes=\"auto, (max-width: 1000px) 100vw, 1000px\" \/>\t\t            <a itemprop=\"url\" class=\"eltdf-pli-link eltdf-block-drag-link\" href=\"https:\/\/www.galerie-furstenberg.fr\/en\/portfolio-item\/mythology-the-milky-way\/\" target=\"_self\">\n        \t            <div class=\"eltdf-pl-item-plus\">\n\t                <svg version=\"1.1\" xmlns=\"http:\/\/www.w3.org\/2000\/svg\" xmlns:xlink=\"http:\/\/www.w3.org\/1999\/xlink\" x=\"0px\" y=\"0px\"\n\t                     width=\"33px\" height=\"33px\" viewBox=\"0 0 33 33\" enable-background=\"new 0 0 33 33\" xml:space=\"preserve\">\n\t                    <line stroke-miterlimit=\"10\" x1=\"0\" y1=\"16.5\" x2=\"33\" y2=\"16.5\"\/>\n\t                    <line stroke-miterlimit=\"10\" x1=\"16.5\" y1=\"0\" x2=\"16.5\" y2=\"33\"\/>\n\t                <\/svg>\n\t            <\/div>\n            <\/a>\n        <\/div>\n<div class=\"eltdf-pli-text-holder\">\n\t<div class=\"eltdf-pli-text-wrapper\">\n\t\t<div class=\"eltdf-pli-text\">\n\t\t\t\t<h4 itemprop=\"name\" class=\"eltdf-pli-title entry-title\" >\n\t\tMYTHOLOGY The Milky Way\t<\/h4>\n\n\t\t\t\n\t\t\t\t\t\t\n\t\t\t\t\t<\/div>\n\t<\/div>\n<\/div>\n\t<\/div>\n<\/article><article class=\"eltdf-pl-item eltdf-item-space  post-5692 portfolio-item type-portfolio-item status-publish has-post-thumbnail hentry portfolio-category-la-mythologie-en\">\n\t<div class=\"eltdf-pl-item-inner\">\n\t\t<div class=\"eltdf-pli-image\">\n\t<img loading=\"lazy\" decoding=\"async\" width=\"1000\" height=\"1000\" src=\"https:\/\/www.galerie-furstenberg.fr\/wp-content\/uploads\/2019\/09\/1C.Mythology-Theseus-and-Minotaurus.jpg\" class=\"attachment-full size-full wp-post-image\" alt=\"Th\u00e9s\u00e9e et le minotaure s\u00e9rie Mythologie de Salvador DALI\" srcset=\"https:\/\/www.galerie-furstenberg.fr\/wp-content\/uploads\/2019\/09\/1C.Mythology-Theseus-and-Minotaurus.jpg 1000w, https:\/\/www.galerie-furstenberg.fr\/wp-content\/uploads\/2019\/09\/1C.Mythology-Theseus-and-Minotaurus-300x300.jpg 300w, https:\/\/www.galerie-furstenberg.fr\/wp-content\/uploads\/2019\/09\/1C.Mythology-Theseus-and-Minotaurus-150x150.jpg 150w, https:\/\/www.galerie-furstenberg.fr\/wp-content\/uploads\/2019\/09\/1C.Mythology-Theseus-and-Minotaurus-768x768.jpg 768w, https:\/\/www.galerie-furstenberg.fr\/wp-content\/uploads\/2019\/09\/1C.Mythology-Theseus-and-Minotaurus-650x650.jpg 650w\" sizes=\"auto, (max-width: 1000px) 100vw, 1000px\" \/>\t\t            <a itemprop=\"url\" class=\"eltdf-pli-link eltdf-block-drag-link\" href=\"https:\/\/www.galerie-furstenberg.fr\/en\/portfolio-item\/mythology-theseus-and-the-minotaur\/\" target=\"_self\">\n        \t            <div class=\"eltdf-pl-item-plus\">\n\t                <svg version=\"1.1\" xmlns=\"http:\/\/www.w3.org\/2000\/svg\" xmlns:xlink=\"http:\/\/www.w3.org\/1999\/xlink\" x=\"0px\" y=\"0px\"\n\t                     width=\"33px\" height=\"33px\" viewBox=\"0 0 33 33\" enable-background=\"new 0 0 33 33\" xml:space=\"preserve\">\n\t                    <line stroke-miterlimit=\"10\" x1=\"0\" y1=\"16.5\" x2=\"33\" y2=\"16.5\"\/>\n\t                    <line stroke-miterlimit=\"10\" x1=\"16.5\" y1=\"0\" x2=\"16.5\" y2=\"33\"\/>\n\t                <\/svg>\n\t            <\/div>\n            <\/a>\n        <\/div>\n<div class=\"eltdf-pli-text-holder\">\n\t<div class=\"eltdf-pli-text-wrapper\">\n\t\t<div class=\"eltdf-pli-text\">\n\t\t\t\t<h4 itemprop=\"name\" class=\"eltdf-pli-title entry-title\" >\n\t\tMYTHOLOGY Theseus and the Minotaur\t<\/h4>\n\n\t\t\t\n\t\t\t\t\t\t\n\t\t\t\t\t<\/div>\n\t<\/div>\n<\/div>\n\t<\/div>\n<\/article>\t<\/div>\n\t\n\t<\/div>\n[\/vc_column][\/vc_row]<\/p>\n<\/div>","protected":false},"excerpt":{"rendered":"<p>[vc_row row_content_width=&#8221;grid&#8221; css=&#8221;.vc_custom_1572271648370{padding-top: 147px !important;padding-bottom: 8px !important;}&#8221;][vc_column offset=&#8221;vc_col-lg-offset-1 vc_col-lg-10 vc_col-md-offset-0 vc_col-md-12 vc_col-sm-offset-0 vc_col-xs-12&#8243;][vc_empty_space height=&#8221;100px&#8221;][vc_column_text] First great collaboration between the couple Pierre &amp; Genevi\u00e8ve ARGILLET with the Artist, Salvador DALI will take 4 years to engrave the 16 coppers making up [&hellip;]<\/p>\n","protected":false},"author":1,"featured_media":0,"parent":4868,"menu_order":2,"comment_status":"closed","ping_status":"closed","template":"","meta":{"footnotes":""},"class_list":["post-4863","page","type-page","status-publish","hentry"],"yoast_head":"<!-- This site is optimized with the Yoast SEO plugin v24.0 - https:\/\/yoast.com\/wordpress\/plugins\/seo\/ -->\n<title>MYTHOLOGY - Galerie Furstenberg<\/title>\n<meta name=\"description\" content=\"First great collaboration between the couple Pierre &amp; Genevi\u00e8ve ARGILLET with the Artist, Salvador DALI will take 4 years to engrave the 16 coppers making up this series, based on his surreal interpretation of the Greek Deities.\" \/>\n<meta name=\"robots\" content=\"index, follow, max-snippet:-1, max-image-preview:large, max-video-preview:-1\" \/>\n<link rel=\"canonical\" href=\"https:\/\/www.galerie-furstenberg.fr\/en\/dali\/mythology-series\/\" \/>\n<meta property=\"og:locale\" content=\"en_US\" \/>\n<meta property=\"og:type\" content=\"article\" \/>\n<meta property=\"og:title\" content=\"MYTHOLOGY - Galerie Furstenberg\" \/>\n<meta property=\"og:description\" content=\"First great collaboration between the couple Pierre &amp; Genevi\u00e8ve ARGILLET with the Artist, Salvador DALI will take 4 years to engrave the 16 coppers making up this series, based on his surreal interpretation of the Greek Deities.\" \/>\n<meta property=\"og:url\" content=\"https:\/\/www.galerie-furstenberg.fr\/en\/dali\/mythology-series\/\" \/>\n<meta property=\"og:site_name\" content=\"Galerie Furstenberg\" \/>\n<meta property=\"article:modified_time\" content=\"2025-03-01T14:07:11+00:00\" \/>\n<meta name=\"twitter:card\" content=\"summary_large_image\" \/>\n<meta name=\"twitter:label1\" content=\"Est. reading time\" \/>\n\t<meta name=\"twitter:data1\" content=\"2 minutes\" \/>\n<script type=\"application\/ld+json\" class=\"yoast-schema-graph\">{\"@context\":\"https:\/\/schema.org\",\"@graph\":[{\"@type\":\"WebPage\",\"@id\":\"https:\/\/www.galerie-furstenberg.fr\/en\/dali\/mythology-series\/\",\"url\":\"https:\/\/www.galerie-furstenberg.fr\/en\/dali\/mythology-series\/\",\"name\":\"MYTHOLOGY - Galerie Furstenberg\",\"isPartOf\":{\"@id\":\"https:\/\/www.galerie-furstenberg.fr\/#website\"},\"datePublished\":\"2023-06-18T18:36:25+00:00\",\"dateModified\":\"2025-03-01T14:07:11+00:00\",\"description\":\"First great collaboration between the couple Pierre & Genevi\u00e8ve ARGILLET with the Artist, Salvador DALI will take 4 years to engrave the 16 coppers making up this series, based on his surreal interpretation of the Greek Deities.\",\"breadcrumb\":{\"@id\":\"https:\/\/www.galerie-furstenberg.fr\/en\/dali\/mythology-series\/#breadcrumb\"},\"inLanguage\":\"en-US\",\"potentialAction\":[{\"@type\":\"ReadAction\",\"target\":[\"https:\/\/www.galerie-furstenberg.fr\/en\/dali\/mythology-series\/\"]}]},{\"@type\":\"BreadcrumbList\",\"@id\":\"https:\/\/www.galerie-furstenberg.fr\/en\/dali\/mythology-series\/#breadcrumb\",\"itemListElement\":[{\"@type\":\"ListItem\",\"position\":1,\"name\":\"Home\",\"item\":\"https:\/\/www.galerie-furstenberg.fr\/en\/\"},{\"@type\":\"ListItem\",\"position\":2,\"name\":\"Dali\",\"item\":\"https:\/\/www.galerie-furstenberg.fr\/en\/dali\/\"},{\"@type\":\"ListItem\",\"position\":3,\"name\":\"MYTHOLOGY\"}]},{\"@type\":\"WebSite\",\"@id\":\"https:\/\/www.galerie-furstenberg.fr\/#website\",\"url\":\"https:\/\/www.galerie-furstenberg.fr\/\",\"name\":\"Galerie Furstenberg\",\"description\":\"\",\"potentialAction\":[{\"@type\":\"SearchAction\",\"target\":{\"@type\":\"EntryPoint\",\"urlTemplate\":\"https:\/\/www.galerie-furstenberg.fr\/?s={search_term_string}\"},\"query-input\":{\"@type\":\"PropertyValueSpecification\",\"valueRequired\":true,\"valueName\":\"search_term_string\"}}],\"inLanguage\":\"en-US\"}]}<\/script>\n<!-- \/ Yoast SEO plugin. -->","yoast_head_json":{"title":"MYTHOLOGY - Galerie Furstenberg","description":"First great collaboration between the couple Pierre & Genevi\u00e8ve ARGILLET with the Artist, Salvador DALI will take 4 years to engrave the 16 coppers making up this series, based on his surreal interpretation of the Greek Deities.","robots":{"index":"index","follow":"follow","max-snippet":"max-snippet:-1","max-image-preview":"max-image-preview:large","max-video-preview":"max-video-preview:-1"},"canonical":"https:\/\/www.galerie-furstenberg.fr\/en\/dali\/mythology-series\/","og_locale":"en_US","og_type":"article","og_title":"MYTHOLOGY - Galerie Furstenberg","og_description":"First great collaboration between the couple Pierre & Genevi\u00e8ve ARGILLET with the Artist, Salvador DALI will take 4 years to engrave the 16 coppers making up this series, based on his surreal interpretation of the Greek Deities.","og_url":"https:\/\/www.galerie-furstenberg.fr\/en\/dali\/mythology-series\/","og_site_name":"Galerie Furstenberg","article_modified_time":"2025-03-01T14:07:11+00:00","twitter_card":"summary_large_image","twitter_misc":{"Est. reading time":"2 minutes"},"schema":{"@context":"https:\/\/schema.org","@graph":[{"@type":"WebPage","@id":"https:\/\/www.galerie-furstenberg.fr\/en\/dali\/mythology-series\/","url":"https:\/\/www.galerie-furstenberg.fr\/en\/dali\/mythology-series\/","name":"MYTHOLOGY - Galerie Furstenberg","isPartOf":{"@id":"https:\/\/www.galerie-furstenberg.fr\/#website"},"datePublished":"2023-06-18T18:36:25+00:00","dateModified":"2025-03-01T14:07:11+00:00","description":"First great collaboration between the couple Pierre & Genevi\u00e8ve ARGILLET with the Artist, Salvador DALI will take 4 years to engrave the 16 coppers making up this series, based on his surreal interpretation of the Greek Deities.","breadcrumb":{"@id":"https:\/\/www.galerie-furstenberg.fr\/en\/dali\/mythology-series\/#breadcrumb"},"inLanguage":"en-US","potentialAction":[{"@type":"ReadAction","target":["https:\/\/www.galerie-furstenberg.fr\/en\/dali\/mythology-series\/"]}]},{"@type":"BreadcrumbList","@id":"https:\/\/www.galerie-furstenberg.fr\/en\/dali\/mythology-series\/#breadcrumb","itemListElement":[{"@type":"ListItem","position":1,"name":"Home","item":"https:\/\/www.galerie-furstenberg.fr\/en\/"},{"@type":"ListItem","position":2,"name":"Dali","item":"https:\/\/www.galerie-furstenberg.fr\/en\/dali\/"},{"@type":"ListItem","position":3,"name":"MYTHOLOGY"}]},{"@type":"WebSite","@id":"https:\/\/www.galerie-furstenberg.fr\/#website","url":"https:\/\/www.galerie-furstenberg.fr\/","name":"Galerie Furstenberg","description":"","potentialAction":[{"@type":"SearchAction","target":{"@type":"EntryPoint","urlTemplate":"https:\/\/www.galerie-furstenberg.fr\/?s={search_term_string}"},"query-input":{"@type":"PropertyValueSpecification","valueRequired":true,"valueName":"search_term_string"}}],"inLanguage":"en-US"}]}},"_links":{"self":[{"href":"https:\/\/www.galerie-furstenberg.fr\/en\/wp-json\/wp\/v2\/pages\/4863","targetHints":{"allow":["GET"]}}],"collection":[{"href":"https:\/\/www.galerie-furstenberg.fr\/en\/wp-json\/wp\/v2\/pages"}],"about":[{"href":"https:\/\/www.galerie-furstenberg.fr\/en\/wp-json\/wp\/v2\/types\/page"}],"author":[{"embeddable":true,"href":"https:\/\/www.galerie-furstenberg.fr\/en\/wp-json\/wp\/v2\/users\/1"}],"replies":[{"embeddable":true,"href":"https:\/\/www.galerie-furstenberg.fr\/en\/wp-json\/wp\/v2\/comments?post=4863"}],"version-history":[{"count":4,"href":"https:\/\/www.galerie-furstenberg.fr\/en\/wp-json\/wp\/v2\/pages\/4863\/revisions"}],"predecessor-version":[{"id":5925,"href":"https:\/\/www.galerie-furstenberg.fr\/en\/wp-json\/wp\/v2\/pages\/4863\/revisions\/5925"}],"up":[{"embeddable":true,"href":"https:\/\/www.galerie-furstenberg.fr\/en\/wp-json\/wp\/v2\/pages\/4868"}],"wp:attachment":[{"href":"https:\/\/www.galerie-furstenberg.fr\/en\/wp-json\/wp\/v2\/media?parent=4863"}],"curies":[{"name":"wp","href":"https:\/\/api.w.org\/{rel}","templated":true}]}}